{"id":7686,"date":"2021-05-25T14:07:07","date_gmt":"2021-05-25T12:07:07","guid":{"rendered":"https:\/\/www.embutidosortiz.com\/avis-juridique\/"},"modified":"2021-06-17T12:06:08","modified_gmt":"2021-06-17T10:06:08","slug":"avis-juridique","status":"publish","type":"page","link":"https:\/\/www.embutidosortiz.com\/fr\/avis-juridique\/","title":{"rendered":"Avis juridique"},"content":{"rendered":"<p>[vc_row full_width=\u00a0\u00bbstretch_row\u00a0\u00bb][vc_column][vc_row_inner][vc_column_inner width=\u00a0\u00bb1\/3&Prime;][\/vc_column_inner][vc_column_inner width=\u00a0\u00bb1\/3&Prime; css=\u00a0\u00bb.vc_custom_1619992231693{margin-right: 1% !important;margin-left: 1% !important;}\u00a0\u00bb][vc_empty_space height=\u00a0\u00bb60px\u00a0\u00bb][vc_column_text]<\/p>\n<p style=\"text-align: center;letter-spacing: 0.4em\">AVIS JURIDIQUE<\/p>\n<p>[\/vc_column_text][vc_column_text]<\/p>\n<h3 style=\"text-align: center\">Conditions d&rsquo;acc\u00e8s et d&rsquo;utilisation du site Web d&rsquo;Embutidos Ortiz<\/h3>\n<p>[\/vc_column_text][\/vc_column_inner][vc_column_inner width=\u00a0\u00bb1\/3&Prime;][\/vc_column_inner][\/vc_row_inner][vc_row_inner][vc_column_inner width=\u00a0\u00bb1\/2&Prime;][vc_column_text]<em>En vertu de l&rsquo;application de la loi 34\/2002, du 11 juillet 2002, sur les services de la soci\u00e9t\u00e9 de l&rsquo;information et le commerce \u00e9lectronique, nous vous informons :<\/em><\/p>\n<h2><strong>1. <\/strong><strong>Objet.<\/strong><\/h2>\n<p><strong><em>Art. 10 LSSI :<\/em><\/strong> www.embutidosortiz.com est un domaine Internet appartenant \u00e0 EMBUTIDOS DOMINGO ORTIZ MORENO S.L., dont le si\u00e8ge social est C\/ Las Encinillas,3 P.I. Lentiscares 26370 Navarrete (province de La Rioja) et CIF B26242677. La soci\u00e9t\u00e9 est inscrite au registre du commerce de La Rioja, volume 390, folio 74, page LO-4888, inscription 1\u00aa.<\/p>\n<p>Aux fins du pr\u00e9sent document, le num\u00e9ro de t\u00e9l\u00e9phone de contact est le 941441044 et l&rsquo;adresse \u00e9lectronique de contact est info@embutidosortiz.com.<\/p>\n<p><strong>Le pr\u00e9sent avis juridique r\u00e9git l&rsquo;utilisation de ce domaine.<\/strong><\/p>\n<p>L&rsquo;utilisation de ce site web implique l&rsquo;acceptation par l&rsquo;utilisateur des conditions d&rsquo;utilisation incluses dans le pr\u00e9sent avis ainsi que de nos politiques en mati\u00e8re de \u00ab\u00a0protection des donn\u00e9es et de confidentialit\u00e9\u00a0\u00bb et de \u00ab\u00a0politique en mati\u00e8re de cookies\u00a0\u00bb. Dans le cas o\u00f9 certains services, contenus et\/ou outils offerts \u00e0 travers ce \u00ab\u00a0Portail\u00a0\u00bb requi\u00e8rent l&rsquo;application de conditions sp\u00e9cifiques, celles-ci seront mises \u00e0 la disposition de l&rsquo;Utilisateur.<\/p>\n<p>D&rsquo;autre part, il avertit que tant les contenus et services de ce site web que les conditions d&rsquo;utilisation peuvent \u00eatre modifi\u00e9s sans pr\u00e9avis.<\/p>\n<h2><strong>2. Conditions d&rsquo;utilisation.<\/strong><\/h2>\n<p>L&rsquo;utilisateur s&rsquo;engage \u00e0 fournir des informations vraies, exactes et compl\u00e8tes sur son identit\u00e9 dans les sections o\u00f9 il est n\u00e9cessaire de s&rsquo;enregistrer pour y acc\u00e9der. Il s&rsquo;engage \u00e9galement \u00e0 maintenir \u00e0 jour les donn\u00e9es personnelles qui peuvent \u00eatre fournies au propri\u00e9taire du domaine, par cons\u00e9quent, seul responsable de toute fausset\u00e9 ou inexactitude faite.<\/p>\n<p>Il est signal\u00e9 qu&rsquo;en cas de mineur, celui-ci doit obtenir l&rsquo;autorisation de ses parents, tuteurs ou repr\u00e9sentants l\u00e9gaux pour acc\u00e9der aux services fournis. n&rsquo;est pas responsable en cas d&rsquo;informations inexactes ou fausses \u00e0 ce sujet.<\/p>\n<p>Le \u00ab\u00a0portail\u00a0\u00bb ne peut \u00eatre utilis\u00e9 qu&rsquo;\u00e0 des fins l\u00e9gales ; par cons\u00e9quent, l&rsquo;utilisateur est tenu de faire un usage licite et honn\u00eate du portail et conform\u00e9ment aux pr\u00e9sentes conditions g\u00e9n\u00e9rales d&rsquo;utilisation, de ne pas utiliser les services du \u00ab\u00a0portail\u00a0\u00bb pour r\u00e9aliser des activit\u00e9s contraires \u00e0 la loi espagnole, \u00e0 la morale et \u00e0 l&rsquo;ordre public, en assumant par l&rsquo;utilisateur toutes les responsabilit\u00e9s pour les dommages caus\u00e9s au propri\u00e9taire du domaine ou \u00e0 des tiers qui peuvent d\u00e9couler de pratiques ill\u00e9gales ou non autoris\u00e9es entre autres et \u00e0 titre d&rsquo;exemple et non limit\u00e9 :<\/p>\n<ul>\n<li>R\u00e9aliser sans le consentement pr\u00e9alable du propri\u00e9taire du domaine toute manipulation ou alt\u00e9ration de cette page, sans assumer la responsabilit\u00e9 du propri\u00e9taire du domaine qui pourrait d\u00e9couler de cette manipulation ou alt\u00e9ration par des tiers.<\/li>\n<li>R\u00e9aliser tout acte susceptible d&rsquo;endommager, de rendre inutilisable, de surcharger ou de d\u00e9t\u00e9riorer le Portail et les services et\/ou d&rsquo;en emp\u00eacher l&rsquo;utilisation normale par les Utilisateurs.<\/li>\n<li>Introduire et\/ou utiliser des programmes informatiques, des donn\u00e9es, des fichiers d\u00e9fectueux, des virus, des codes malveillants, des \u00e9quipements informatiques ou de t\u00e9l\u00e9communications ou tout autre \u00e9l\u00e9ment, quelle que soit sa nature, susceptible de causer des dommages au portail, \u00e0 l&rsquo;un de ses services ou \u00e0 l&rsquo;un des actifs (physiques ou logiques) des syst\u00e8mes d&rsquo;information du propri\u00e9taire du domaine.<\/li>\n<li>Violer les droits des tiers \u00e0 la vie priv\u00e9e, \u00e0 l&rsquo;image de soi, \u00e0 la protection des donn\u00e9es, au secret des communications, \u00e0 la propri\u00e9t\u00e9 intellectuelle et industrielle.<\/li>\n<\/ul>\n<p>[\/vc_column_text][\/vc_column_inner][vc_column_inner width=\u00a0\u00bb1\/2&Prime;][vc_column_text]<\/p>\n<ul>\n<li>Masquer et usurper l&rsquo;origine des messages \u00e9lectroniques<\/li>\n<li>Utiliser de fausses identit\u00e9s, usurper l&rsquo;identit\u00e9 d&rsquo;autres personnes dans l&rsquo;utilisation du portail ou dans l&rsquo;utilisation de l&rsquo;un des services.<\/li>\n<li>Reproduire, distribuer, modifier ou copier le contenu de cette page, sauf si vous avez l&rsquo;autorisation du propri\u00e9taire du domaine ou si vous \u00eates l\u00e9galement autoris\u00e9 \u00e0 le faire.<\/li>\n<li>Transmettre les noms d&rsquo;utilisateur et les mots de passe \u00e0 des tiers non autoris\u00e9s.<\/li>\n<li>EMBUTIDOS DOMINGO ORTIZ MORENO S.L., n&rsquo;est pas responsable des liens (LINKS) vers d&rsquo;autres pages Internet de tiers et leur existence n&rsquo;implique pas qu&rsquo;elle approuve ou accepte leurs contenus et services. Ces autres sites web ne sont pas contr\u00f4l\u00e9s ou couverts par la pr\u00e9sente politique de confidentialit\u00e9. Si vous acc\u00e9dez \u00e0 d&rsquo;autres sites web en utilisant les liens fournis, les op\u00e9rateurs de ces sites web peuvent recueillir vos informations personnelles. Veuillez vous assurer que vous \u00eates satisfait des politiques de confidentialit\u00e9 de ces sites Web tiers avant de fournir toute information personnelle.<\/li>\n<\/ul>\n<p>En g\u00e9n\u00e9ral, le propri\u00e9taire du domaine, exclut sa responsabilit\u00e9 pour les dommages de toute nature et la nature qui peuvent d\u00e9couler de l&rsquo;utilisation du site Web, ainsi que les dommages d\u00e9coulant de la violation des droits de propri\u00e9t\u00e9 intellectuelle et industrielle par les utilisateurs et \/ ou le manque de v\u00e9racit\u00e9, l&rsquo;exactitude et l&rsquo;actualit\u00e9 du contenu, ni peut \u00eatre tenu responsable de l&rsquo;interruption du service, le fonctionnement inad\u00e9quat ou l&rsquo;impossibilit\u00e9 d&rsquo;acc\u00e9der au service.<\/p>\n<p>Le propri\u00e9taire du domaine ne sera pas responsable des dommages caus\u00e9s par la pr\u00e9sence de virus ou de tout autre logiciel nuisible pouvant provoquer des alt\u00e9rations dans le syst\u00e8me informatique de l&rsquo;utilisateur.<\/p>\n<p>Le site web, y compris, mais sans s&rsquo;y limiter, sa programmation, ses conceptions, ses logos, ses textes et\/ou ses graphiques sont la propri\u00e9t\u00e9 du fournisseur ou, le cas \u00e9ch\u00e9ant, sont sous licence ou express\u00e9ment autoris\u00e9s par les auteurs.<\/p>\n<p>Ind\u00e9pendamment de la finalit\u00e9 \u00e0 laquelle ils sont destin\u00e9s, la reproduction, l&rsquo;utilisation, l&rsquo;exploitation, la distribution et la commercialisation, totales ou partielles, n\u00e9cessitent dans tous les cas l&rsquo;autorisation \u00e9crite pr\u00e9alable du propri\u00e9taire du domaine.<\/p>\n<p>L&rsquo;utilisateur s&rsquo;engage \u00e0 ne r\u00e9aliser aucun acte contre les droits de propri\u00e9t\u00e9 intellectuelle ou industrielle de l&rsquo;auteur.<\/p>\n<p>Le fournisseur autorise express\u00e9ment les tiers \u00e0 rediriger directement vers les contenus sp\u00e9cifiques du site, en tout cas doit rediriger vers le site principal du fournisseur.<\/p>\n<h2><strong>3.<\/strong> <strong>Utilisation des cookies<\/strong><\/h2>\n<p>EMBUTIDOS DOMINGO ORTIZ MORENO S.L., en tant que propri\u00e9taire de ce site web, d\u00e9clare qu&rsquo;elle utilise des proc\u00e9dures automatiques de collecte d&rsquo;informations pour tenir le registre des utilisateurs qui visitent son site web. Cliquez <strong><a title=\"Voir la politique en mati\u00e8re de cookies\" href=\"http:\/\/www.embutidosortiz.com\/politica-de-cookies\/es\" target=\"_blank\" rel=\"noopener\">ici<\/a><\/strong> pour acc\u00e9der \u00e0 notre politique en mati\u00e8re de cookies.<\/p>\n<h2><strong>4. Protection des donn\u00e9es<\/strong><\/h2>\n<p>Vous pouvez consulter notre politique de protection des donn\u00e9es personnelles en acc\u00e9dant \u00e0 la section suivante :<strong><a title=\"Lire la politique de confidentialit\u00e9\" href=\"http:\/\/www.embutidosortiz.com\/aviso-legal\/privacidad\/es\" target=\"_blank\" rel=\"noopener\">Politique de confidentialit\u00e9.<\/a><\/strong><\/p>\n<h2><strong>5. L\u00e9gislation applicable<\/strong><\/h2>\n<p>Les pr\u00e9sentes conditions g\u00e9n\u00e9rales seront \u00e0 tout moment r\u00e9gies par les dispositions du droit espagnol.[\/vc_column_text][\/vc_column_inner][\/vc_row_inner][\/vc_column][\/vc_row]<\/p>\n","protected":false},"excerpt":{"rendered":"<p>[vc_row full_width=\u00a0\u00bbstretch_row\u00a0\u00bb][vc_column][vc_row_inner][vc_column_inner width=\u00a0\u00bb1\/3&Prime;][\/vc_column_inner][vc_column_inner width=\u00a0\u00bb1\/3&Prime; css=\u00a0\u00bb.vc_custom_1619992231693{margin-right: 1% !important;margin-left: 1% !important;}\u00a0\u00bb][vc_empty_space height=\u00a0\u00bb60px\u00a0\u00bb][vc_column_text] AVIS JURIDIQUE [\/vc_column_text][vc_column_text] Conditions d&rsquo;acc\u00e8s et d&rsquo;utilisation du site Web d&rsquo;Embutidos Ortiz [\/vc_column_text][\/vc_column_inner][vc_column_inner width=\u00a0\u00bb1\/3&Prime;][\/vc_column_inner][\/vc_row_inner][vc_row_inner][vc_column_inner width=\u00a0\u00bb1\/2&Prime;][vc_column_text]En vertu de l&rsquo;application de la loi 34\/2002, du 11 juillet 2002, sur les services de<\/p>\n","protected":false},"author":2,"featured_media":0,"parent":0,"menu_order":0,"comment_status":"closed","ping_status":"closed","template":"","meta":[],"yoast_head":"<!-- This site is optimized with the Yoast SEO plugin v20.1 - https:\/\/yoast.com\/wordpress\/plugins\/seo\/ -->\n<title>Avis juridique - Embutidos Ortiz<\/title>\n<meta name=\"robots\" content=\"index, follow, max-snippet:-1, max-image-preview:large, max-video-preview:-1\" \/>\n<link rel=\"canonical\" href=\"https:\/\/www.embutidosortiz.com\/fr\/avis-juridique\/\" \/>\n<meta property=\"og:locale\" content=\"fr_FR\" \/>\n<meta property=\"og:type\" content=\"article\" \/>\n<meta property=\"og:title\" content=\"Avis juridique - Embutidos Ortiz\" \/>\n<meta property=\"og:description\" content=\"[vc_row full_width=\u00a0\u00bbstretch_row\u00a0\u00bb][vc_column][vc_row_inner][vc_column_inner width=\u00a0\u00bb1\/3&Prime;][\/vc_column_inner][vc_column_inner width=\u00a0\u00bb1\/3&Prime; css=\u00a0\u00bb.vc_custom_1619992231693{margin-right: 1% !important;margin-left: 1% !important;}\u00a0\u00bb][vc_empty_space height=\u00a0\u00bb60px\u00a0\u00bb][vc_column_text] AVIS JURIDIQUE [\/vc_column_text][vc_column_text] Conditions d&rsquo;acc\u00e8s et d&rsquo;utilisation du site Web d&rsquo;Embutidos Ortiz [\/vc_column_text][\/vc_column_inner][vc_column_inner width=\u00a0\u00bb1\/3&Prime;][\/vc_column_inner][\/vc_row_inner][vc_row_inner][vc_column_inner width=\u00a0\u00bb1\/2&Prime;][vc_column_text]En vertu de l&rsquo;application de la loi 34\/2002, du 11 juillet 2002, sur les services de\" \/>\n<meta property=\"og:url\" content=\"https:\/\/www.embutidosortiz.com\/fr\/avis-juridique\/\" \/>\n<meta property=\"og:site_name\" content=\"Embutidos Ortiz\" \/>\n<meta property=\"article:modified_time\" content=\"2021-06-17T10:06:08+00:00\" \/>\n<meta name=\"twitter:card\" content=\"summary_large_image\" \/>\n<meta name=\"twitter:label1\" content=\"Dur\u00e9e de lecture estim\u00e9e\" \/>\n\t<meta name=\"twitter:data1\" content=\"6 minutes\" \/>\n<script type=\"application\/ld+json\" class=\"yoast-schema-graph\">{\"@context\":\"https:\/\/schema.org\",\"@graph\":[{\"@type\":\"WebPage\",\"@id\":\"https:\/\/www.embutidosortiz.com\/fr\/avis-juridique\/\",\"url\":\"https:\/\/www.embutidosortiz.com\/fr\/avis-juridique\/\",\"name\":\"Avis juridique - Embutidos Ortiz\",\"isPartOf\":{\"@id\":\"https:\/\/www.embutidosortiz.com\/#website\"},\"datePublished\":\"2021-05-25T12:07:07+00:00\",\"dateModified\":\"2021-06-17T10:06:08+00:00\",\"breadcrumb\":{\"@id\":\"https:\/\/www.embutidosortiz.com\/fr\/avis-juridique\/#breadcrumb\"},\"inLanguage\":\"fr-FR\",\"potentialAction\":[{\"@type\":\"ReadAction\",\"target\":[\"https:\/\/www.embutidosortiz.com\/fr\/avis-juridique\/\"]}]},{\"@type\":\"BreadcrumbList\",\"@id\":\"https:\/\/www.embutidosortiz.com\/fr\/avis-juridique\/#breadcrumb\",\"itemListElement\":[{\"@type\":\"ListItem\",\"position\":1,\"name\":\"Portada\",\"item\":\"https:\/\/www.embutidosortiz.com\/fr\/\"},{\"@type\":\"ListItem\",\"position\":2,\"name\":\"Avis juridique\"}]},{\"@type\":\"WebSite\",\"@id\":\"https:\/\/www.embutidosortiz.com\/#website\",\"url\":\"https:\/\/www.embutidosortiz.com\/\",\"name\":\"Embutidos Ortiz\",\"description\":\"Charcuteros desde 1915\",\"publisher\":{\"@id\":\"https:\/\/www.embutidosortiz.com\/#organization\"},\"potentialAction\":[{\"@type\":\"SearchAction\",\"target\":{\"@type\":\"EntryPoint\",\"urlTemplate\":\"https:\/\/www.embutidosortiz.com\/?s={search_term_string}\"},\"query-input\":\"required name=search_term_string\"}],\"inLanguage\":\"fr-FR\"},{\"@type\":\"Organization\",\"@id\":\"https:\/\/www.embutidosortiz.com\/#organization\",\"name\":\"Embutidos Ortiz\",\"url\":\"https:\/\/www.embutidosortiz.com\/\",\"logo\":{\"@type\":\"ImageObject\",\"inLanguage\":\"fr-FR\",\"@id\":\"https:\/\/www.embutidosortiz.com\/#\/schema\/logo\/image\/\",\"url\":\"https:\/\/www.embutidosortiz.com\/wp-content\/uploads\/2020\/12\/Embutidos-Ortiz-Tienda.png\",\"contentUrl\":\"https:\/\/www.embutidosortiz.com\/wp-content\/uploads\/2020\/12\/Embutidos-Ortiz-Tienda.png\",\"width\":200,\"height\":117,\"caption\":\"Embutidos Ortiz\"},\"image\":{\"@id\":\"https:\/\/www.embutidosortiz.com\/#\/schema\/logo\/image\/\"}}]}<\/script>\n<!-- \/ Yoast SEO plugin. -->","yoast_head_json":{"title":"Avis juridique - Embutidos Ortiz","robots":{"index":"index","follow":"follow","max-snippet":"max-snippet:-1","max-image-preview":"max-image-preview:large","max-video-preview":"max-video-preview:-1"},"canonical":"https:\/\/www.embutidosortiz.com\/fr\/avis-juridique\/","og_locale":"fr_FR","og_type":"article","og_title":"Avis juridique - Embutidos Ortiz","og_description":"[vc_row full_width=\u00a0\u00bbstretch_row\u00a0\u00bb][vc_column][vc_row_inner][vc_column_inner width=\u00a0\u00bb1\/3&Prime;][\/vc_column_inner][vc_column_inner width=\u00a0\u00bb1\/3&Prime; css=\u00a0\u00bb.vc_custom_1619992231693{margin-right: 1% !important;margin-left: 1% !important;}\u00a0\u00bb][vc_empty_space height=\u00a0\u00bb60px\u00a0\u00bb][vc_column_text] AVIS JURIDIQUE [\/vc_column_text][vc_column_text] Conditions d&rsquo;acc\u00e8s et d&rsquo;utilisation du site Web d&rsquo;Embutidos Ortiz [\/vc_column_text][\/vc_column_inner][vc_column_inner width=\u00a0\u00bb1\/3&Prime;][\/vc_column_inner][\/vc_row_inner][vc_row_inner][vc_column_inner width=\u00a0\u00bb1\/2&Prime;][vc_column_text]En vertu de l&rsquo;application de la loi 34\/2002, du 11 juillet 2002, sur les services de","og_url":"https:\/\/www.embutidosortiz.com\/fr\/avis-juridique\/","og_site_name":"Embutidos Ortiz","article_modified_time":"2021-06-17T10:06:08+00:00","twitter_card":"summary_large_image","twitter_misc":{"Dur\u00e9e de lecture estim\u00e9e":"6 minutes"},"schema":{"@context":"https:\/\/schema.org","@graph":[{"@type":"WebPage","@id":"https:\/\/www.embutidosortiz.com\/fr\/avis-juridique\/","url":"https:\/\/www.embutidosortiz.com\/fr\/avis-juridique\/","name":"Avis juridique - Embutidos Ortiz","isPartOf":{"@id":"https:\/\/www.embutidosortiz.com\/#website"},"datePublished":"2021-05-25T12:07:07+00:00","dateModified":"2021-06-17T10:06:08+00:00","breadcrumb":{"@id":"https:\/\/www.embutidosortiz.com\/fr\/avis-juridique\/#breadcrumb"},"inLanguage":"fr-FR","potentialAction":[{"@type":"ReadAction","target":["https:\/\/www.embutidosortiz.com\/fr\/avis-juridique\/"]}]},{"@type":"BreadcrumbList","@id":"https:\/\/www.embutidosortiz.com\/fr\/avis-juridique\/#breadcrumb","itemListElement":[{"@type":"ListItem","position":1,"name":"Portada","item":"https:\/\/www.embutidosortiz.com\/fr\/"},{"@type":"ListItem","position":2,"name":"Avis juridique"}]},{"@type":"WebSite","@id":"https:\/\/www.embutidosortiz.com\/#website","url":"https:\/\/www.embutidosortiz.com\/","name":"Embutidos Ortiz","description":"Charcuteros desde 1915","publisher":{"@id":"https:\/\/www.embutidosortiz.com\/#organization"},"potentialAction":[{"@type":"SearchAction","target":{"@type":"EntryPoint","urlTemplate":"https:\/\/www.embutidosortiz.com\/?s={search_term_string}"},"query-input":"required name=search_term_string"}],"inLanguage":"fr-FR"},{"@type":"Organization","@id":"https:\/\/www.embutidosortiz.com\/#organization","name":"Embutidos Ortiz","url":"https:\/\/www.embutidosortiz.com\/","logo":{"@type":"ImageObject","inLanguage":"fr-FR","@id":"https:\/\/www.embutidosortiz.com\/#\/schema\/logo\/image\/","url":"https:\/\/www.embutidosortiz.com\/wp-content\/uploads\/2020\/12\/Embutidos-Ortiz-Tienda.png","contentUrl":"https:\/\/www.embutidosortiz.com\/wp-content\/uploads\/2020\/12\/Embutidos-Ortiz-Tienda.png","width":200,"height":117,"caption":"Embutidos Ortiz"},"image":{"@id":"https:\/\/www.embutidosortiz.com\/#\/schema\/logo\/image\/"}}]}},"_links":{"self":[{"href":"https:\/\/www.embutidosortiz.com\/fr\/wp-json\/wp\/v2\/pages\/7686"}],"collection":[{"href":"https:\/\/www.embutidosortiz.com\/fr\/wp-json\/wp\/v2\/pages"}],"about":[{"href":"https:\/\/www.embutidosortiz.com\/fr\/wp-json\/wp\/v2\/types\/page"}],"author":[{"embeddable":true,"href":"https:\/\/www.embutidosortiz.com\/fr\/wp-json\/wp\/v2\/users\/2"}],"replies":[{"embeddable":true,"href":"https:\/\/www.embutidosortiz.com\/fr\/wp-json\/wp\/v2\/comments?post=7686"}],"version-history":[{"count":12,"href":"https:\/\/www.embutidosortiz.com\/fr\/wp-json\/wp\/v2\/pages\/7686\/revisions"}],"predecessor-version":[{"id":8622,"href":"https:\/\/www.embutidosortiz.com\/fr\/wp-json\/wp\/v2\/pages\/7686\/revisions\/8622"}],"wp:attachment":[{"href":"https:\/\/www.embutidosortiz.com\/fr\/wp-json\/wp\/v2\/media?parent=7686"}],"curies":[{"name":"wp","href":"https:\/\/api.w.org\/{rel}","templated":true}]}}